{"id":579,"date":"2024-06-07T18:56:58","date_gmt":"2024-06-07T17:56:58","guid":{"rendered":"http:\/\/pastyrik.bplaced.net\/nwssued\/?page_id=579"},"modified":"2024-06-07T18:56:58","modified_gmt":"2024-06-07T17:56:58","slug":"wahlprogramm-2021-2026","status":"publish","type":"page","link":"https:\/\/pastyrik.bplaced.net\/nwssued\/?page_id=579","title":{"rendered":"Wahlprogramm 2021 &#8211; 2026"},"content":{"rendered":"<h2 class=\"western\"><span style=\"font-family: Arial, sans-serif;\">Wahlprogramm 2021 &#8211; 2026 <\/span><\/h2>\n<div id=\"page_7919\" dir=\"ltr\">\n<h1 class=\"western\">\u00a0<span style=\"color: #000000;\"><span style=\"font-family: Arial, sans-serif;\"><span style=\"font-size: medium;\">Seit Jahrzehnten setzen sich die SPD-Ortsvereine im Frankfurter Nordwesten im Ortsbeirat 8 f\u00fcr das Wohl der Menschen ein, die \u2013 so wie wir auch \u2013 in Heddernheim, Niederursel, Nordweststadt, Mertonviertel und Riedwiese leben. Dabei konnten wir vieles erreichen und so mithelfen, die Lebensqualit\u00e4t zu verbessern. Dennoch bleibt noch vieles zu tun und neue Probleme erfordern neue L\u00f6sungen. F\u00fcr unsere Stadtteile haben wir uns f\u00fcr die kommende Wahlperiode diese Ziele gesetzt:<\/span><\/span><\/span><\/h1>\n<p>&nbsp;<\/p>\n<p class=\"western\"><span style=\"color: #000000;\"><span style=\"font-family: Arial, sans-serif;\"><span style=\"font-size: large;\">Stadt der Schule und Betreuung<\/span><\/span><\/span><\/p>\n<p><span style=\"color: #000000;\"><span style=\"font-family: Arial, sans-serif;\"><span style=\"font-size: medium;\">Wir wollen das vielf\u00e4ltige, \u00f6ffentliche und inklusive Bildungssystem im Ortsbezirk in vollem Umfang erhalten und weiterentwickeln. Wir wollen, dass alle Kinder und Jugendliche im eigenen und gesellschaftlichen Interesse ihre geistigen, k\u00f6rperlichen, k\u00fcnstlerischen und sozialen F\u00e4higkeiten entwickeln und einen bestm\u00f6glichen Schulabschluss erreichen k\u00f6nnen. Daf\u00fcr sind die besten personellen, materiellen und baulichen Mittel nutzbar zu machen. Sp\u00e4testens die Corona-Krise hat deutlich gemacht, dass der systemrelevante Bereich von Erziehung und Bildung besser ausgestattet und aufgewertet werden muss.<\/span><\/span><\/span><\/p>\n<p><span style=\"color: #000000;\"><span style=\"font-family: Arial, sans-serif;\"><span style=\"font-size: medium;\">Deshalb fordern wir:<\/span><\/span><\/span><\/p>\n<ul>\n<li><span style=\"color: #000000;\"><span style=\"font-family: Arial, sans-serif;\"><span style=\"font-size: medium;\">kostenfreie Krippen- und ausreichend Hortpl\u00e4tze.<\/span><\/span><\/span><\/li>\n<li><span style=\"color: #000000;\"><span style=\"font-family: Arial, sans-serif;\"><span style=\"font-size: medium;\">ein bedarfsgerechtes Angebot an Kindergartenpl\u00e4tzen.<\/span><\/span><\/span><\/li>\n<li><span style=\"color: #000000;\"><span style=\"font-family: Arial, sans-serif;\"><span style=\"font-size: medium;\">einen Ausbau der Schulen im Ortsbezirk zu Ganztagsschulen mit zeitgem\u00e4\u00dfer, technologischer, digitaler, r\u00e4umlicher und personeller Ausstattung.<\/span><\/span><\/span><\/li>\n<li><span style=\"color: #000000;\"><span style=\"font-family: Arial, sans-serif;\"><span style=\"font-size: medium;\">die Unterst\u00fctzung der Familien bei der Erziehung ihrer Kinder und der Pflege der Angeh\u00f6rigen, sowie der ErzieherInnen und den anderen Berufsgruppen in den Kitas, Krippen und Horteinrichtungen im Ortsbezirk und die Aufwertung ihrer Leistungen.<\/span><\/span><\/span><\/li>\n<li><span style=\"color: #000000;\"><span style=\"font-family: Arial, sans-serif;\"><span style=\"font-size: medium;\">kostenfreies Mittagessen f\u00fcr alle Schulen im Ortsbezirk.<\/span><\/span><\/span><\/li>\n<li><span style=\"color: #000000;\"><span style=\"font-family: Arial, sans-serif;\"><span style=\"font-size: medium;\">Kostenfreies W-Lan an zentralen Punkten im Ortsbezirk<\/span><\/span><\/span><\/li>\n<li><span style=\"color: #000000;\"><span style=\"font-family: Arial, sans-serif;\"><span style=\"font-size: medium;\">die finanzielle und personelle Absicherung der Schulsozialarbeit an allen Schulen im Ortsbezirk.<\/span><\/span><\/span><\/li>\n<li><span style=\"color: #000000;\"><span style=\"font-family: Arial, sans-serif;\"><span style=\"font-size: medium;\">die schnellstm\u00f6gliche Sanierung der Ernst-Reuter-Schulen auf Grundlage der mit allen Beteiligten erarbeiteten Planungsphase 0 inklusive Sporthallen und Schwimmbad.<\/span><\/span><\/span><\/li>\n<li><span style=\"color: #000000;\"><span style=\"font-family: Arial, sans-serif;\"><span style=\"font-size: medium;\">die Fertigstellung der Sanierung der R\u00f6merstadtschule inkl. der Sporthalle. Wir fordern au\u00dferdem die z\u00fcgige Umsetzung der seit langem geplanten Sanierung aller \u00f6ffentlichen Schulen im Ortsbezirk.<\/span><\/span><\/span><\/li>\n<li><span style=\"color: #000000;\"><span style=\"font-family: Arial, sans-serif;\"><span style=\"font-size: medium;\">die unverz\u00fcgliche Entscheidung \u00fcber einen alternativen Standort der Europ\u00e4ischen Schule.<\/span><\/span><\/span><\/li>\n<li><span style=\"color: #000000;\"><span style=\"font-family: Arial, sans-serif;\"><span style=\"font-size: medium;\">die vollst\u00e4ndige Eingliederung des Gel\u00e4ndes der Europ\u00e4ischen Schule in die Ernst-Reuter-Schulen.<\/span><\/span><\/span><\/li>\n<li><span style=\"color: #000000;\"><span style=\"font-family: Arial, sans-serif;\"><span style=\"font-size: medium;\">sichere Schulwege f\u00fcr unsere Kinder sowie F\u00f6rderung von deren Selbstst\u00e4ndigkeit im Verkehrsraum.<\/span><\/span><\/span><\/li>\n<li><span style=\"color: #000000;\"><span style=\"font-family: Arial, sans-serif;\"><span style=\"font-size: medium;\">die Etablierung eines zentralen IT-Managements im Bildungsdezernat in enger Zusammenarbeit mit den Hochschulen in Frankfurt.<\/span><\/span><\/span><\/li>\n<li><span style=\"color: #000000;\"><span style=\"font-family: Arial, sans-serif;\"><span style=\"font-size: medium;\">Wir wollen die Zusammenarbeit zwischen den Schulen und den Frankfurter Hochschulen unterst\u00fctzen.<\/span><\/span><\/span><\/li>\n<li><span style=\"color: #000000;\"><span style=\"font-family: Arial, sans-serif;\"><span style=\"font-size: medium;\">Wir werden weiterhin den Austausch mit den Schulgemeinden im Ortsbezirk suchen und ihre Forderungen politisch vertreten.<\/span><\/span><\/span><\/li>\n<\/ul>\n<p>&nbsp;<\/p>\n<p class=\"western\"><span style=\"color: #000000;\"><span style=\"font-family: Arial, sans-serif;\"><span style=\"font-size: large;\">Zusammenleben<\/span><\/span><\/span><\/p>\n<p><span style=\"color: #000000;\"><span style=\"font-family: Arial, sans-serif;\"><span style=\"font-size: medium;\">Wir wollen, dass die Menschen in unserem Ortsbezirk friedlich zusammenleben.<\/span><\/span><\/span><\/p>\n<p><span style=\"color: #000000;\"><span style=\"font-family: Arial, sans-serif;\"><span style=\"font-size: medium;\">Deshalb fordern wir:<\/span><\/span><\/span><\/p>\n<ul>\n<li><span style=\"color: #000000;\"><span style=\"font-family: Arial, sans-serif;\"><span style=\"font-size: medium;\">die Entwicklung eines digitalen Wegweisers mit Piktogrammen \u00fcber die vielf\u00e4ltigen sozialen Einrichtungen im Ortsbezirk, der online aktualisiert werden kann.<\/span><\/span><\/span><\/li>\n<\/ul>\n<ul>\n<li><span style=\"color: #000000;\"><span style=\"font-family: Arial, sans-serif;\"><span style=\"font-size: medium;\">den Ausbau des bestehenden Quartiersmanagements und Etablierung eines Quartiersmanagements in Heddernheim.<\/span><\/span><\/span><\/li>\n<li><span style=\"color: #000000;\"><span style=\"font-family: Arial, sans-serif;\"><span style=\"font-size: medium;\">die Entwicklung einer Stadtteil-App f\u00fcr den Ortsbezirk, die auf Neuigkeiten, Events, Locations, u.\u00e4. hinweist.<\/span><\/span><\/span><\/li>\n<li><span style=\"color: #000000;\"><span style=\"font-family: Arial, sans-serif;\"><span style=\"font-size: medium;\">Die Instandhaltung und den bedarfsgerechten Ausbau der Sport- und Spielpl\u00e4tze f\u00fcr alle Generationen im Ortsbezirk.<\/span><\/span><\/span><\/li>\n<\/ul>\n<p>&nbsp;<\/p>\n<p class=\"western\"><span style=\"color: #000000;\"><span style=\"font-family: Arial, sans-serif;\"><span style=\"font-size: large;\">Chancen und Vielfalt<\/span><\/span><\/span><\/p>\n<p><span style=\"color: #000000;\"><span style=\"font-family: Arial, sans-serif;\"><span style=\"font-size: medium;\">Wir wollen eine funktionierende Gemeinschaft in unserem Ortsbezirk. Daf\u00fcr braucht es einen Interessenausgleich zwischen \u201est\u00e4rkeren\u201c und \u201eschw\u00e4cheren\u201c Schultern. F\u00fcr diesen sozialen Frieden setzen wir uns immer wieder ein.<\/span><\/span><\/span><\/p>\n<p><span style=\"color: #000000;\"><span style=\"font-family: Arial, sans-serif;\"><span style=\"font-size: medium;\">Deshalb fordern wir:<\/span><\/span><\/span><\/p>\n<ul>\n<li><span style=\"color: #000000;\"><span style=\"font-family: Arial, sans-serif;\"><span style=\"font-size: medium;\">Grund- und Gesamtschulen, in denen allen Kindern gleiche Chancen offenstehen, mit einer Elternarbeit, die Eltern st\u00e4rker in den Schulalltag einbindet und zur Mitwirkung ermutigt.<\/span><\/span><\/span><\/li>\n<li><span style=\"color: #000000;\"><span style=\"font-family: Arial, sans-serif;\"><span style=\"font-size: medium;\">den Erhalt des Kinderhauses und des Abenteuerspielplatzes am Nordwest-Zentrum sowie des Jugendclubs im Kleinen Zentrum und die Ausweitung des Angebots an StreetworkerInnen f\u00fcr Jugendliche in den Abendstunden.<\/span><\/span><\/span><\/li>\n<li><span style=\"color: #000000;\"><span style=\"font-family: Arial, sans-serif;\"><span style=\"font-size: medium;\">den Aufbau einer Jugendeinrichtung im Mertonviertel sowie die Aufstockung der Ressourcen und Mittel des Jugendtreffs Heddernheim.<\/span><\/span><\/span><\/li>\n<li><span style=\"color: #000000;\"><span style=\"font-family: Arial, sans-serif;\"><span style=\"font-size: medium;\">SchulmediatorInnen f\u00fcr alle Schulen im Ortsbezirk.<\/span><\/span><\/span><\/li>\n<li><span style=\"color: #000000;\"><span style=\"font-family: Arial, sans-serif;\"><span style=\"font-size: medium;\">die finanzielle F\u00f6rderung der interkulturellen Kommunikation in Zusammenarbeit mit den Kinderbeauftragten und dem Bildungsdezernat f\u00fcr unseren Ortsbezirk.<\/span><\/span><\/span><\/li>\n<li><span style=\"color: #000000;\"><span style=\"font-family: Arial, sans-serif;\"><span style=\"font-size: medium;\">analog zu den Kinderbeauftragten auch Antirassismusbeauftragte f\u00fcr unseren Ortsbezirk.<\/span><\/span><\/span><\/li>\n<li><span style=\"color: #000000;\"><span style=\"font-family: Arial, sans-serif;\"><span style=\"font-size: medium;\">eine kostenfreie Kinderbetreuung w\u00e4hrend der Sitzungen des Ortsbeirat 8 auch f\u00fcr BesucherInnen.<\/span><\/span><\/span><\/li>\n<li><span style=\"color: #000000;\"><span style=\"font-family: Arial, sans-serif;\"><span style=\"font-size: medium;\">den Aufbau von Frauen- und M\u00e4dchenh\u00e4usern in unserem Ortsbezirk.<\/span><\/span><\/span><\/li>\n<\/ul>\n<p class=\"western\"><span style=\"color: #000000;\"><span style=\"font-family: Arial, sans-serif;\"><span style=\"font-size: large;\">Wohnen<\/span><\/span><\/span><\/p>\n<p><span style=\"color: #000000;\"><span style=\"font-family: Arial, sans-serif;\"><span style=\"font-size: medium;\">Wir wollen die einzigartige Vielfalt des Wohnens in unserem Ortsbezirk bewahren und ausbauen. Von den hessischen D\u00f6rfern Heddernheim und Niederursel \u00fcber die R\u00f6merstadtsiedlung (Neues Frankfurt) bis zur gr\u00fcnen und weit \u00fcber die Grenzen Frankfurts hinweg anerkannten Nordweststadt ist alles vertreten. Die Mischung macht den Ortsbezirk so lebenswert, bietet Vorteile f\u00fcr alle und f\u00f6rdert den sozialen Zusammenhalt.<\/span><\/span><\/span><\/p>\n<p><span style=\"color: #000000;\"><span style=\"font-family: Arial, sans-serif;\"><span style=\"font-size: medium;\">Deshalb fordern wir:<\/span><\/span><\/span><\/p>\n<ul>\n<li><span style=\"color: #000000;\"><span style=\"font-family: Arial, sans-serif;\"><span style=\"font-size: medium;\">dass die Wohnungsbaugesellschaften und die Stadt Frankfurt am Main bei der Belegung weiterhin f\u00fcr eine ausgewogene soziale Mischung sorgen.<\/span><\/span><\/span><\/li>\n<li><span style=\"color: #000000;\"><span style=\"font-family: Arial, sans-serif;\"><span style=\"font-size: medium;\">dass die Stadt Frankfurt ihre Beteiligungen an den Wohnbaugesellschaften nicht aufgibt, damit sie ihren Einfluss auf deren Gesch\u00e4ftspolitik nicht verliert.<\/span><\/span><\/span><\/li>\n<li><span style=\"color: #000000;\"><span style=\"font-family: Arial, sans-serif;\"><span style=\"font-size: medium;\">dass die Stadt weitere Belegungsrechte im Ortsbezirk aufkauft, damit bezahlbarer Wohnraum zur Verf\u00fcgung steht. Gleichzeitig wird damit verhindert, dass weitere Wohnungen privatisiert und in Eigentumswohnungen umgewandelt werden.<\/span><\/span><\/span><\/li>\n<li><span style=\"color: #000000;\"><span style=\"font-family: Arial, sans-serif;\"><span style=\"font-size: medium;\">die Mietpreisbremse auch f\u00fcr den Ortsbezirk. F\u00fcr bestehende Mietverh\u00e4ltnisse der ABG und der Nassauischen Heimst\u00e4tte muss der Mietpreisstopp fortgef\u00fchrt werden. Die Mieten m\u00fcssen bezahlbar bleiben.<\/span><\/span><\/span><\/li>\n<li><span style=\"color: #000000;\"><span style=\"font-family: Arial, sans-serif;\"><span style=\"font-size: medium;\">dass die Fehlbelegungsabgabe nicht wieder eingef\u00fchrt wird.<\/span><\/span><\/span><\/li>\n<li><span style=\"color: #000000;\"><span style=\"font-family: Arial, sans-serif;\"><span style=\"font-size: medium;\">den Einsatz von SiedlungshelferInnen und mietnahen Versorgungsangeboten der Wohnbaugesellschaften \u2013 wie bei der ABG auch bei den anderen Wohnbaugesellschaften.<\/span><\/span><\/span><\/li>\n<li><span style=\"color: #000000;\"><span style=\"font-family: Arial, sans-serif;\"><span style=\"font-size: medium;\">ein gr\u00f6\u00dferes Angebot von genossenschaftlichen Wohnformen und Mehrgenerationenh\u00e4usern insbesondere auch im neuen Stadtteil im Nordwesten Frankfurts. F\u00fcr \u00e4ltere Mitb\u00fcrgerInnen fordern wir den Ausbau des Angebotes f\u00fcr altersgerechtes Wohnen.<\/span><\/span><\/span><\/li>\n<li><span style=\"color: #000000;\"><span style=\"font-family: Arial, sans-serif;\"><span style=\"font-size: medium;\">die Fortsetzung der Sanierung der R\u00f6merstadt, nicht nur der Wohngeb\u00e4ude, sondern auch der Infrastruktur (z.B. Gehwege, Durchg\u00e4nge). Frankfurt m\u00f6chte, dass drei Siedlungen des Neuen Frankfurt aus den 20er Jahren in das Weltkulturerbe aufgenommen wird. Die R\u00f6merstadt sollte daf\u00fcr in einen vorzeigbaren Zustand gebracht werden.<\/span><\/span><\/span><\/li>\n<\/ul>\n<p class=\"western\"><span style=\"color: #000000;\"><span style=\"font-family: Arial, sans-serif;\"><span style=\"font-size: large;\">Verkehr<\/span><\/span><\/span><\/p>\n<p><span style=\"color: #000000;\"><span style=\"font-family: Arial, sans-serif;\"><span style=\"font-size: medium;\">Wir wollen ein Miteinander aller Verkehrsteilnehmer im \u00f6ffentlichen Raum, egal ob zu Fu\u00df, im PKW, im \u00f6ffentlichen Personennahverkehr oder mit dem Rad. Die Verkehrsf\u00fchrung in der Nordweststadt ist dabei mit der Trennung von Autoverkehr und Fu\u00dfg\u00e4ngern vorbildlich. Die SPD wird daher weiterhin daf\u00fcr eintreten, dass die Wohnstra\u00dfen verkehrsberuhigt bleiben und z.B. kein Kind mit dem Auto zur Schule gebracht werden muss.<\/span><\/span><\/span><\/p>\n<p><span style=\"color: #000000;\"><span style=\"font-family: Arial, sans-serif;\"><span style=\"font-size: medium;\">Deshalb fordern wir:<\/span><\/span><\/span><\/p>\n<ul>\n<li><span style=\"color: #000000;\"><span style=\"font-family: Arial, sans-serif;\"><span style=\"font-size: medium;\">einen verbesserten L\u00e4rmschutz an der Rosa-Luxemburg-Stra\u00dfe wegen der bestehenden und der zu erwartenden Zunahme der L\u00e4rmbelastung.<\/span><\/span><\/span><\/li>\n<li><span style=\"color: #000000;\"><span style=\"font-family: Arial, sans-serif;\"><span style=\"font-size: medium;\">dass angesichts der zunehmenden Parkprobleme im ganzen Ortsbezirk die nicht ausgelasteten Tiefgaragen f\u00fcr die Anwohner attraktiver gemacht werden. Dazu k\u00f6nnten eine Senkung der Mieten und die Einrichtung von Lades\u00e4ulen f\u00fcr Elektroautos von MieterInnen beitragen.<\/span><\/span><\/span><\/li>\n<li><span style=\"color: #000000;\"><span style=\"font-family: Arial, sans-serif;\"><span style=\"font-size: medium;\">ein Parkkonzept f\u00fcr den engen Ortskern von Niederursel.<\/span><\/span><\/span><\/li>\n<li><span style=\"color: #000000;\"><span style=\"font-family: Arial, sans-serif;\"><span style=\"font-size: medium;\">zur Erh\u00f6hung der Verkehrssicherheit und zur Senkung der Umweltbelastung auf allen Stra\u00dfen des Ortsbezirks durchg\u00e4ngig Tempo 30. Verkehrsberuhigte Bereiche (sogenannte Spielstra\u00dfen) bleiben von den Geschwindigkeitsforderungen unber\u00fchrt. Als erste Ma\u00dfnahme gegen die L\u00e4rmbelastung soll auf der Rosa-Luxemburg-Stra\u00dfe im Bereich der Bebauung Tempo 60 gelten.<\/span><\/span><\/span><\/li>\n<li><span style=\"color: #000000;\"><span style=\"font-family: Arial, sans-serif;\"><span style=\"font-size: medium;\">dass die Dillenburger Stra\u00dfe zwischen Maybachbr\u00fccke und Kreuzung Heddernheimer Landstra\u00dfe nach dem Vorbild der Eschersheimer Landstra\u00dfe im Bereich Dornbusch \/ Eschersheim beidseits umgebaut wird.<\/span><\/span><\/span><\/li>\n<li><span style=\"color: #000000;\"><span style=\"font-family: Arial, sans-serif;\"><span style=\"font-size: medium;\">dass durch den neuen Stadtteil (Baugebiet an der A5) keine zus\u00e4tzliche Verkehrsbelastung durch motorisierten Verkehr im gesamten Ortsbezirk 8 entsteht. Mit einem von der Stadt Frankfurt zu erstellenden Verkehrskonzept soll dies erreicht werden.<\/span><\/span><\/span><\/li>\n<li><span style=\"color: #000000;\"><span style=\"font-family: Arial, sans-serif;\"><span style=\"font-size: medium;\">dass die B\u00fcrgersteige und die Zug\u00e4nge an Kreuzungen usw. sowie sonstige Verkehrswege auf ihre Tauglichkeit f\u00fcr die Benutzung durch RollstuhlfahrerInnen, RollatorennutzerInnen, Kinderwagen usw. \u00fcberpr\u00fcft und gegebenenfalls barrierefrei ver\u00e4ndert werden.<\/span><\/span><\/span><\/li>\n<li><span style=\"color: #000000;\"><span style=\"font-family: Arial, sans-serif;\"><span style=\"font-size: medium;\">einen barrierefreien Umbau der Zug\u00e4nge zum Nordwestzentrum \u00fcber den Heddernheimer Steg und den R\u00f6merstadtsteg. Die st\u00e4ndige Erreichbarkeit muss gew\u00e4hrleistet sein. Neben dem Aufzug am Heddernheimer Steg muss ein weiterer barrierefreier Zugang geschaffen werden.<\/span><\/span><\/span><\/li>\n<li><span style=\"color: #000000;\"><span style=\"font-family: Arial, sans-serif;\"><span style=\"font-size: medium;\">eine z\u00fcgige Planung und Umsetzung eines leistungsf\u00e4higen L\u00fcckenschlusses der U-Bahn zwischen Bockenheim und Riedberg (D-Linie).<\/span><\/span><\/span><\/li>\n<li><span style=\"color: #000000;\"><span style=\"font-family: Arial, sans-serif;\"><span style=\"font-size: medium;\">eine Anbindung des Ortsbezirks an die Regionaltangente West.<\/span><\/span><\/span><\/li>\n<li><span style=\"color: #000000;\"><span style=\"font-family: Arial, sans-serif;\"><span style=\"font-size: medium;\">die Beendigung des Schleichverkehrs \u00fcber die Felder in Niederursel durch bauliche Ma\u00dfnahmen.<\/span><\/span><\/span><\/li>\n<li><span style=\"color: #000000;\"><span style=\"font-family: Arial, sans-serif;\"><span style=\"font-size: medium;\">eine sp\u00fcrbare Verminderung des Durchgangsverkehrs \u00fcber die Stra\u00dfen In der R\u00f6merstadt, Heddernheimer Kirchstra\u00dfe und Nassauer Stra\u00dfe.<\/span><\/span><\/span><\/li>\n<li><span style=\"color: #000000;\"><span style=\"font-family: Arial, sans-serif;\"><span style=\"font-size: medium;\">eine bedarfsorientierte Ampelschaltung an der Kreuzung Dillenburger Stra\u00dfe \/ Nassauer Stra\u00dfe, damit der morgendliche R\u00fcckstau in der Nassauer Stra\u00dfe vermindert wird.<\/span><\/span><\/span><\/li>\n<li><span style=\"color: #000000;\"><span style=\"font-family: Arial, sans-serif;\"><span style=\"font-size: medium;\">eine \u00dcberarbeitung der Ampelschaltung an der Kreuzung Hessestra\u00dfe, Olof-Palme-Stra\u00dfe, Kupferhammer, An der Sandelm\u00fchle.<\/span><\/span><\/span><\/li>\n<li><span style=\"color: #000000;\"><span style=\"font-family: Arial, sans-serif;\"><span style=\"font-size: medium;\">eine bauliche Ver\u00e4nderung der U-Bahn\u00fcberg\u00e4nge in der Hessestra\u00dfe und im Zeilweg. Auf beiden Stra\u00dfenseiten muss ein durchg\u00e4ngiger Fu\u00dfg\u00e4ngerbereich geschaffen werden.<\/span><\/span><\/span><\/li>\n<li><span style=\"color: #000000;\"><span style=\"font-family: Arial, sans-serif;\"><span style=\"font-size: medium;\">an der U-Bahn Station Niederursel die Sicherung des \u00dcbergangs am Kreuzerhohl mit Schranken.<\/span><\/span><\/span><\/li>\n<\/ul>\n<p><span style=\"color: #000000;\"><span style=\"font-family: Arial, sans-serif;\"><span style=\"font-size: medium;\">Ein Ende der Praunheimer Umfahrung mit Einm\u00fcndung in den Praunheimer Weg (Schulzentrum) lehnen wir ab. Die Umfahrung ist nur akzeptabel, wenn sie bis zum Erich-Ollenhauer-Ring und im Bereich der Nordweststadt vollst\u00e4ndig im Tunnel gef\u00fchrt wird.<\/span><\/span><\/span><\/p>\n<p class=\"western\"><span style=\"color: #000000;\"><span style=\"font-family: Arial, sans-serif;\"><span style=\"font-size: large;\">Planung und Entwicklung<\/span><\/span><\/span><\/p>\n<p><a name=\"Bookmark11111111111111111111111111111\"><\/a> <span style=\"color: #000000;\"><span style=\"font-family: Arial, sans-serif;\"><span style=\"font-size: medium;\">Wir wollen verhindern, dass Frankfurt eine Stadt \u201enur f\u00fcr Reiche\u201c wird. Daher steht die SPD als einzige Partei im Nordwesten zu dem einstimmig von der R\u00f6merkoalition beschlossenen neuen Stadtteil an der A5. Wir wollen ihn mit weitreichender B\u00fcrgerInnen-Beteiligung zu einem \u00f6kologischen Musterstadtteil entwickeln. Frankfurt w\u00e4chst rasant und braucht dringend neue Wohnungen, deren Mieten bezahlbar sind. Auch unsere Kinder sollen in Zukunft noch bezahlbaren Wohnraum in Frankfurt finden. Nur durch den Neubau von Wohnungen kann erreicht werden, dass die Mieten in Frankfurt f\u00fcr NormalverdienerInnen erschwinglich bleiben oder werden. Nicht Bauen ist keine Alternative.<\/span><\/span><\/span><\/p>\n<p><span style=\"color: #000000;\"><span style=\"font-family: Arial, sans-serif;\"><span style=\"font-size: medium;\">Deshalb fordern wir f\u00fcr den neuen Stadtteil mit viel Gr\u00fcn:<\/span><\/span><\/span><\/p>\n<ul>\n<li><span style=\"color: #000000;\"><span style=\"font-family: Arial, sans-serif;\"><span style=\"font-size: medium;\">dass die versiegelten Fl\u00e4chen gering gehalten werden.<\/span><\/span><\/span><\/li>\n<li><span style=\"color: #000000;\"><span style=\"font-family: Arial, sans-serif;\"><span style=\"font-size: medium;\">eine Anbindung an das bestehende \u00d6PNV-Netz mit Baubeginn.<\/span><\/span><\/span><\/li>\n<li><span style=\"color: #000000;\"><span style=\"font-family: Arial, sans-serif;\"><span style=\"font-size: medium;\">einen Anteil an gef\u00f6rdertem Wohnraum \u00fcber alle Programme (z.B. auch Mittelstandsf\u00f6rderung) von mehr als 50 % .<\/span><\/span><\/span><\/li>\n<\/ul>\n<p><span style=\"color: #000000;\"><span style=\"font-family: Arial, sans-serif;\"><span style=\"font-size: medium;\">Wir wollen den planerischen und st\u00e4dtebaulichen Charakter der Nordweststadt erhalten. Die Nordweststadt ist ein lebenswerter und gr\u00fcner Stadtteil und bietet alles, was man zum Leben braucht.<\/span><\/span><\/span><\/p>\n<p><span style=\"color: #000000;\"><span style=\"font-family: Arial, sans-serif;\"><span style=\"font-size: medium;\">Deshalb fordern wir:<\/span><\/span><\/span><\/p>\n<ul>\n<li><span style=\"color: #000000;\"><span style=\"font-family: Arial, sans-serif;\"><span style=\"font-size: medium;\">die Sicherung des Bestands an Gemeinschafts- und Versorgungseinrichtungen.<\/span><\/span><\/span><\/li>\n<li><span style=\"color: #000000;\"><span style=\"font-family: Arial, sans-serif;\"><span style=\"font-size: medium;\">den Schutz des gro\u00dfz\u00fcgigen Gr\u00fcn- und Baumbestands sowie der Freifl\u00e4chen.<\/span><\/span><\/span><\/li>\n<li><span style=\"color: #000000;\"><span style=\"font-family: Arial, sans-serif;\"><span style=\"font-size: medium;\">dass jede Form der Nachverdichtung in der Nordweststadt unterbleibt.<\/span><\/span><\/span><\/li>\n<li><span style=\"color: #000000;\"><span style=\"font-family: Arial, sans-serif;\"><span style=\"font-size: medium;\">den Erhalt der barrierefreien Br\u00fccken.<\/span><\/span><\/span><\/li>\n<li><span style=\"color: #000000;\"><span style=\"font-family: Arial, sans-serif;\"><span style=\"font-size: medium;\">dass die Trennung von Auto- und Fu\u00dfg\u00e4ngerverkehr erhalten bleibt.<\/span><\/span><\/span><\/li>\n<\/ul>\n<p><span style=\"color: #000000;\"><span style=\"font-family: Arial, sans-serif;\"><span style=\"font-size: medium;\">Wir wollen ein \u201eWohnen in der Stadt\u201c sowie stadtnahes Wohnen, da es umweltvertr\u00e4glicher als das t\u00e4gliche Pendeln mit langen Anfahrtswegen zum Arbeitsplatz ist. Es entsteht u.a. ein erh\u00f6htes Verkehrsaufkommen mit entsprechendem Energieverbrauch. Ferner ergibt sich daraus auch die Notwendigkeit der Erweiterung der Verkehrsinfrastruktur.<\/span><\/span><\/span><\/p>\n<p><span style=\"color: #000000;\"><span style=\"font-family: Arial, sans-serif;\"><span style=\"font-size: medium;\">Deshalb fordern wir:<\/span><\/span><\/span><\/p>\n<ul>\n<li><span style=\"color: #000000;\"><span style=\"font-family: Arial, sans-serif;\"><span style=\"font-size: medium;\">die Schaffung von zus\u00e4tzlichem Wohnraum durch die Schlie\u00dfung von Baul\u00fccken. <\/span><\/span><\/span><\/li>\n<li><span style=\"color: #000000;\"><span style=\"font-family: Arial, sans-serif;\"><span style=\"font-size: medium;\">die z\u00fcgige Bebauung des geplanten Wohnbaugebietes \u201eAn der Sandelm\u00fchle\u201c unter \u00f6kologischen und energieeffizienten Gesichtspunkten.<\/span><\/span><\/span><\/li>\n<li><span style=\"color: #000000;\"><span style=\"font-family: Arial, sans-serif;\"><span style=\"font-size: medium;\">den vorgezogenen Baubeginn der Kita auf dem Baugebiet \u201eAn der Sandelm\u00fchle&#8220; entsprechend der Zusagen der Stadt Frankfurt am Main.<\/span><\/span><\/span><\/li>\n<li><span style=\"color: #000000;\"><span style=\"font-family: Arial, sans-serif;\"><span style=\"font-size: medium;\">den baldigen Beginn der Planung f\u00fcr die Sanierung des Ortskerns von Niederursel im Rahmen des Programms \u201eSch\u00f6neres Frankfurt&#8220;, wie von der Stadt Frankfurt am Main versprochen.<\/span><\/span><\/span><\/li>\n<li><span style=\"color: #000000;\"><span style=\"font-family: Arial, sans-serif;\"><span style=\"font-size: medium;\">dass wohnortnahe Einkaufsm\u00f6glichkeiten erhalten bleiben oder ausgebaut werden.<\/span><\/span><\/span><\/li>\n<li><span style=\"color: #000000;\"><span style=\"font-family: Arial, sans-serif;\"><span style=\"font-size: medium;\">L\u00f6sungen f\u00fcr die Probleme des kleinen Zentrums, notfalls durch einen Ankauf durch die Stadt Frankfurt.<\/span><\/span><\/span><\/li>\n<\/ul>\n<p><span style=\"color: #000000;\"><span style=\"font-family: Arial, sans-serif;\"><span style=\"font-size: medium;\">Wir fordern von dem Magistrat der Stadt Frankfurt am Main eine rechtzeitige Einbeziehung der B\u00fcrgerInnen in die sie betreffenden Entscheidungen, seien es Bauma\u00dfnahmen oder andere Ver\u00e4nderungen im Stadtteil, noch bevor planungsrechtliche Ma\u00dfnahmen eingeleitet werden.<\/span><\/span><\/span><\/p>\n<p class=\"western\"><span style=\"color: #000000;\"><span style=\"font-family: Arial, sans-serif;\"><span style=\"font-size: large;\">Naherholung, Landschafts- und Umweltschutz<\/span><\/span><\/span><\/p>\n<p><span style=\"color: #000000;\"><span style=\"font-family: Arial, sans-serif;\"><span style=\"font-size: medium;\">Wir wollen einen lebenswerten Ortsbezirk im Einklang zwischen Mensch und Natur. Die Naherholungsqualit\u00e4t ist durch die Gr\u00fcnfl\u00e4chen im Niddatal und im Urselbachtal sowie den Parkfl\u00e4chen in der Nordweststadt sehr hoch und bietet die M\u00f6glichkeit, die Seele baumeln zu lassen. Die SPD im Ortsbezirk tritt daf\u00fcr ein, dass dies so bleibt und weiter verbessert wird.<\/span><\/span><\/span><\/p>\n<p><span style=\"color: #000000;\"><span style=\"font-family: Arial, sans-serif;\"><span style=\"font-size: medium;\">Deshalb fordern wir:<\/span><\/span><\/span><\/p>\n<ul>\n<li><span style=\"color: #000000;\"><span style=\"font-family: Arial, sans-serif;\"><span style=\"font-size: medium;\">dass das Niddatal und das Urselbachtal auch f\u00fcr die Zukunft von jeglicher zus\u00e4tzlicher Bebauung freigehalten werden. Die wohnortnahen Gr\u00fcnfl\u00e4chen sollen weiterhin Erholung, Sport und Spiel dienen. Dazu bedarf es intensiver Pflege durch das Gartenamt und die Stadtreinigung (FES).<\/span><\/span><\/span><\/li>\n<li><span style=\"color: #000000;\"><span style=\"font-family: Arial, sans-serif;\"><span style=\"font-size: medium;\">dass im Verlauf der Bebauung des Riedberges die Niddawiesen und das Naturschutzgebiet Riedwiese im Frankfurter Gr\u00fcng\u00fcrtel durch Fu\u00df- und Radwegeverbindungen mit den Naherholungsgebieten des Vordertaunus verkn\u00fcpft werden. Diese sollen Teil des Regionalparkes Rhein-Main werden.<\/span><\/span><\/span><\/li>\n<li><span style=\"color: #000000;\"><span style=\"font-family: Arial, sans-serif;\"><span style=\"font-size: medium;\">die zeitnahe Weiterf\u00fchrung der Re-Naturierung der Nidda im Nordwesten Frankfurts. M\u00f6glichst alle Alt-Arme der Nidda sollen angeschlossen werden, um einen naturnahen Lebensraum zu rekonstruieren. <span style=\"font-size: small;\">Die Wehre m\u00fcssen zur\u00fcckgebaut werden<\/span>.<\/span><\/span><\/span><\/li>\n<li><span style=\"color: #000000;\"><span style=\"font-family: Arial, sans-serif;\"><span style=\"font-size: medium;\">dass das auslaufende Projekt \u201eSt\u00e4dte wagen Wildnis\u201c fortgef\u00fchrt und auf benachbarte Stadtteile ausgedehnt wird.<\/span><\/span><\/span><\/li>\n<li><span style=\"color: #000000;\"><span style=\"font-family: Arial, sans-serif;\"><span style=\"font-size: medium;\">dass die Nutzung von erneuerbaren Energien gef\u00f6rdert wird. Bspw. k\u00f6nnte die Nutzung von Solarenergie durch ein Dachkataster oder durch Hinweise auf Landesprogramme unterst\u00fctzt werden. Die SPD begr\u00fc\u00dft weiterhin das Anbringen von Solar-Panels an Balkonen. Die M\u00fcllverbrennungsanlage und das Fernw\u00e4rmenetz sollen unter \u00f6ffentlicher Kontrolle bleiben, da ein gro\u00dfer Teil des Ortsbezirks von der Fernw\u00e4rme abh\u00e4ngig ist.<\/span><\/span><\/span><\/li>\n<li><span style=\"color: #000000;\"><span style=\"font-family: Arial, sans-serif;\"><span style=\"font-size: medium;\">dass die Stadt Frankfurt entsprechend ihrer Zusage anstelle des Grillplatzes in der Hadrianstra\u00dfe einen Grillplatz auf der anderen Seite der Nidda ausweist. Ein solcher Platz ist wichtig, damit gerade Familien und junge Leute ohne einen eigenen Garten weiterhin die M\u00f6glichkeit zum gemeinsamen Grillen haben.<\/span><\/span><\/span><\/li>\n<li><span style=\"color: #000000;\"><span style=\"font-family: Arial, sans-serif;\"><span style=\"font-size: medium;\">dass der Platz an der Hadrianstra\u00dfe, der bislang als Grillplatz genutzt wurde, den Menschen als Liegewiese oder f\u00fcr sportliche Aktivit\u00e4ten zur Verf\u00fcgung gestellt wird.<\/span><\/span><\/span><\/li>\n<li><span style=\"color: #000000;\"><span style=\"font-family: Arial, sans-serif;\"><span style=\"font-size: medium;\">dass das Arboretum s\u00fcdlich der R\u00f6merstadt gepflegt und evtl. durch Neu- und Nachpflanzungen erweitert wird.<\/span><\/span><\/span><\/li>\n<li><span style=\"color: #000000;\"><span style=\"font-family: Arial, sans-serif;\"><span style=\"font-size: medium;\">dass die Stadt Frankfurt \u00fcber die permanent stattfindenden Grundwasseruntersuchungen im Ortsbezirk besser und umfassend informiert.<\/span><\/span><\/span><\/li>\n<\/ul>\n<p><span style=\"color: #000000;\"><span style=\"font-family: Arial, sans-serif;\"><span style=\"font-size: medium;\">Wir wollen den \u00f6ffentlichen Raum durch eine nutzerfreundliche Gestaltung und eine weitere Erh\u00f6hung der Sauberkeit f\u00fcr noch mehr Menschen zu einem Wohlf\u00fchlort machen.<\/span><\/span><\/span><\/p>\n<p><span style=\"color: #000000;\"><span style=\"font-family: Arial, sans-serif;\"><span style=\"font-size: medium;\">Deshalb fordern wir:<\/span><\/span><\/span><\/p>\n<ul>\n<li><span style=\"color: #000000;\"><span style=\"font-family: Arial, sans-serif;\"><span style=\"font-size: medium;\">ein Konzept f\u00fcr die Sauberkeit im Ortsbezirk in Zusammenarbeit mit dem Ortsbeirat und den Wohnungsgesellschaften. In diesem Zusammenhang setzen wir uns daf\u00fcr ein, dass s\u00e4mtliche Parkb\u00e4nke mit einem eigenen vogelsicheren M\u00fcllbeh\u00e4lter versehen werden, weitere M\u00f6glichkeiten zur M\u00fclltrennung bspw. an der Nidda geschaffen werden und dass ein M\u00fcllabholkalender \u00f6ffentlich einsehbar ist. ausreichend M\u00fclleimer und M\u00fcllt\u00fcten zur Entsorgung von Hundekot insbesondere auf Gr\u00fcnfl\u00e4chen<\/span><\/span><\/span><\/li>\n<li><span style=\"color: #000000;\"><span style=\"font-family: Arial, sans-serif;\"><span style=\"font-size: medium;\">eine ausreichende Anzahl von M\u00fcllbeh\u00e4ltern am M\u00fchlenwanderweg.<\/span><\/span><\/span><\/li>\n<\/ul>\n<p><span style=\"color: #000000;\"><span style=\"font-family: Arial, sans-serif;\"><span style=\"font-size: medium;\">Wir wollen unseren Ortsbezirk und seine vielf\u00e4ltige Geschichte erlebbar machen. Bestehende Angebote sollen fortgef\u00fchrt und neue M\u00f6glichkeiten geschaffen werden.<\/span><\/span><\/span><\/p>\n<p><span style=\"color: #000000;\"><span style=\"font-family: Arial, sans-serif;\"><span style=\"font-size: medium;\">Deshalb fordern wir:<\/span><\/span><\/span><\/p>\n<ul>\n<li><span style=\"color: #000000;\"><span style=\"font-family: Arial, sans-serif;\"><span style=\"font-size: medium;\">dass das Projekt \u201eGeopfad Stadt-Land-Fluss\u201c als verbindendes Projekt des Ortsbezirks saniert und erweitert wird.<\/span><\/span><\/span><\/li>\n<li><span style=\"color: #000000;\"><span style=\"font-family: Arial, sans-serif;\"><span style=\"font-size: medium;\">dass das r\u00f6mische Erbe durch einen Wanderweg entlang der alten Handelsroute von Heddernheim zur Saalburg mit einer interaktiven App erlebbar gemacht wird.<\/span><\/span><\/span><\/li>\n<li><span style=\"color: #000000;\"><span style=\"font-family: Arial, sans-serif;\"><span style=\"font-size: medium;\">dass am Urselbach in Niederursel ein historisches Wasserrad oder ein M\u00fchlengeb\u00e4ude rekonstruiert wird. Niederursel war einmal ein Dorf mit vielen M\u00fchlen. Deswegen wurde auch entlang des Urselbachs der \u201eM\u00fchlenwanderweg\u201c angelegt. Zuk\u00fcnftig k\u00f6nnte neben einer anschaulichen Energieerzeugung in einem M\u00fchlengeb\u00e4ude auch ein Museum f\u00fcr Niederursel mit Schulungsr\u00e4umen untergebracht werden. Die Beschilderung des M\u00fchlenwanderwegs soll ausgebaut und mit weiteren Informationen erg\u00e4nzt werden. Eine Weiterentwicklung der Informationen als mobile App sollte im n\u00e4chsten Schritt erwogen werden.<\/span><\/span><\/span><\/li>\n<\/ul>\n<p class=\"western\"><span style=\"color: #000000;\"><span style=\"font-family: Arial, sans-serif;\"><span style=\"font-size: large;\">Sicherheit und Pr\u00e4vention<\/span><\/span><\/span><\/p>\n<p><span style=\"color: #000000;\"><span style=\"font-family: Arial, sans-serif;\"><span style=\"font-size: medium;\">Wir wollen ein sicheres und offenes Frankfurt. Sicherheit und Freiheit sollen sich in unserem Ortsbezirk erg\u00e4nzen. Unser Frankfurt ist zu Recht stolz auf seinen kritischen Geist und seine politische Kultur. Der \u00f6ffentliche Raum ist auch demokratischer Ort der politischen Diskussion und auch des politischen Protests. Als solchen werden wir ihn sch\u00fctzen. Wir werden dar\u00fcber hinaus eine Initiative zum gezielten Abbau von \u201eAngstr\u00e4umen\u201c starten.<\/span><\/span><\/span><\/p>\n<p><span style=\"color: #000000;\"><span style=\"font-family: Arial, sans-serif;\"><span style=\"font-size: medium;\">Deshalb fordern wir:<\/span><\/span><\/span><\/p>\n<ul>\n<li><span style=\"color: #000000;\"><span style=\"font-family: Arial, sans-serif;\"><span style=\"font-size: medium;\">Fahrrad-, Fu\u00df- und berittene Streifen, vor allem dort, wo Streifenfahrten mit dem PKW nicht m\u00f6glich sind. Damit wird dem Sicherheitsempfinden der B\u00fcrgerInnen besser Rechnung getragen.<\/span><\/span><\/span><\/li>\n<li><span style=\"color: #000000;\"><span style=\"font-family: Arial, sans-serif;\"><span style=\"font-size: medium;\">eine Intensivierung und personelle Verst\u00e4rkung des Landesprojekts \u201eSchutzmann\/Schutzfrau vor Ort\u201c.<\/span><\/span><\/span><\/li>\n<li><span style=\"color: #000000;\"><span style=\"font-family: Arial, sans-serif;\"><span style=\"font-size: medium;\">die Gr\u00fcndung und Unterst\u00fctzung von Pr\u00e4ventionsbeir\u00e4ten in Zusammenarbeit mit den Vereinen, Kirchen und sozialen Einrichtungen. Unser Ziel ist es, in unserem Ortsbezirk gesellschaftliche Konflikte in Form von Vandalismus und Jugendkriminalit\u00e4t zu verhindern, die dann mit teuren Ma\u00dfnahmen bereinigt werden m\u00fcssen.<\/span><\/span><\/span><\/li>\n<li><span style=\"color: #000000;\"><span style=\"font-family: Arial, sans-serif;\"><span style=\"font-size: medium;\">dass die Stadt Frankfurt schneller auf Meldungen zu Falschparkenden und zu M\u00fcllablagerungen durch B\u00fcrgerInnen reagiert.<\/span><\/span><\/span><\/li>\n<\/ul>\n<p><span style=\"color: #000000;\"><span style=\"font-family: Arial, sans-serif;\"><span style=\"font-size: medium;\">Lebensqualit\u00e4t, Gesundheit und Sicherheit der Menschen hat Vorrang vor wirtschaftlichem Profit. Dies bedeutet f\u00fcr uns Sozialdemokraten auch Sicherheit f\u00fcr die Lebensplanung der B\u00fcrgerInnen<\/span><\/span><\/span><\/p>\n<ul>\n<li><span style=\"color: #000000;\"><span style=\"font-family: Arial, sans-serif;\"><span style=\"font-size: medium;\">durch die Bereitstellung \u00f6ffentlicher G\u00fcter (Daseinsvorsorge).<\/span><\/span><\/span><\/li>\n<li><span style=\"color: #000000;\"><span style=\"font-family: Arial, sans-serif;\"><span style=\"font-size: medium;\">und Unterst\u00fctzungsleistungen in Notlagen.<\/span><\/span><\/span><\/li>\n<\/ul>\n<p class=\"western\"><span style=\"color: #000000;\"><span style=\"font-family: Arial, sans-serif;\"><span style=\"font-size: large;\">Sport \u2013Kultur \u2013 Vereine<\/span><\/span><\/span><\/p>\n<p><span style=\"color: #000000;\"><span style=\"font-family: Arial, sans-serif;\"><span style=\"font-size: medium;\">Wir unterst\u00fctzen die Vereine bei ihren Bem\u00fchungen, von der Stadt oder von anderer Seite gef\u00f6rdert zu werden. Nur mit einer ausreichenden \u00f6ffentlichen Unterst\u00fctzung und F\u00f6rderung k\u00f6nnen die Vereine ihrer wichtigen Funktion f\u00fcr das Zusammenleben in unserer Gesellschaft Rechnung tragen. Die Vereine sind ein wichtiger Bestandteil des Lebens in den Stadtteilen unseres Ortbezirks. Sie bieten ein reichhaltiges Angebot im Bereich Sport, Kultur und Integration f\u00fcr B\u00fcrgerInnen jeden Alters an. Die Vereine m\u00fcssen in ihrem Bem\u00fchen unterst\u00fctzt werden, das Zusammenleben der Kulturen und die Jugendarbeit zu f\u00f6rdern.<\/span><\/span><\/span><\/p>\n<p><span style=\"color: #000000;\"><span style=\"font-family: Arial, sans-serif;\"><span style=\"font-size: medium;\">Deshalb fordern wir:<\/span><\/span><\/span><\/p>\n<ul>\n<li><span style=\"color: #000000;\"><span style=\"font-family: Arial, sans-serif;\"><span style=\"font-size: medium;\">dass den Sportvereinen ausreichend \u00dcbungs- und Trainingsm\u00f6glichkeiten zur Verf\u00fcgung stehen m\u00fcssen. Insbesondere sollen die Schulsporthallen und -sportpl\u00e4tze auch den Vereinen zur Verf\u00fcgung stehen.<\/span><\/span><\/span><\/li>\n<li><span style=\"color: #000000;\"><span style=\"font-family: Arial, sans-serif;\"><span style=\"font-size: medium;\">eine Verbesserung der Sportm\u00f6glichkeiten im Bereich zwischen Geschwister-Scholl-Schule und Nidda f\u00fcr die Schule und die Bev\u00f6lkerung.<\/span><\/span><\/span><\/li>\n<li><span style=\"color: #000000;\"><span style=\"font-family: Arial, sans-serif;\"><span style=\"font-size: medium;\">den Bau einer Bezirkssportanlage als Ersatz f\u00fcr den mit der Errichtung der Europ\u00e4ischen Schule geopferten Sportplatz.<\/span><\/span><\/span><\/li>\n<li><span style=\"color: #000000;\"><span style=\"font-family: Arial, sans-serif;\"><span style=\"font-size: medium;\">dass der Heddernheimer Fastnachtszug der Zuggemeinschaft Klaa Paris e.V. durch die Stadt Frankfurt und andere \u00f6ffentliche Institutionen gef\u00f6rdert und weiterhin finanziell unterst\u00fctzt wird. Denn der traditionelle Umzug am Fastnachtsdienstag ist ein unersetzlicher Bestandteil der Identit\u00e4t Heddernheims.<\/span><\/span><\/span><\/li>\n<li><span style=\"color: #000000;\"><span style=\"font-family: Arial, sans-serif;\"><span style=\"font-size: medium;\">dass auch die traditionellen Kerben in Niederursel und Heddernheim als unverzichtbare Bestandteile des kulturellen Lebens in unserem Nordwesten weiterhin gef\u00f6rdert und finanziell unterst\u00fctzt werden.<\/span><\/span><\/span><\/li>\n<li><span style=\"color: #000000;\"><span style=\"font-family: Arial, sans-serif;\"><span style=\"font-size: medium;\">entsprechend den Bem\u00fchungen des B\u00fcrgervereins Heddernheim das Heddernheimer Schloss zu einem \u201eSchloss der Vereine\u201c weiterzuentwickeln.<\/span><\/span><\/span><\/li>\n<\/ul>\n<p><span style=\"color: #000000;\"><span style=\"font-family: Arial, sans-serif;\"><span style=\"font-size: medium;\">Wir setzen uns auch daf\u00fcr ein, dass die beiden \u00fcberregional bedeutenden Kulturdenkm\u00e4ler der R\u00f6merstadt hervorgehoben werden.<\/span><\/span><\/span><\/p>\n<p><span style=\"color: #000000;\"><span style=\"font-family: Arial, sans-serif;\"><span style=\"font-size: medium;\">Deshalb fordern wir:<\/span><\/span><\/span><\/p>\n<ul>\n<li><span style=\"color: #000000;\"><span style=\"font-family: Arial, sans-serif;\"><span style=\"font-size: medium;\">die Unterst\u00fctzung der Aktivit\u00e4ten der ernst-may-gesellschaft und des Forums Neues Frankfurt, um so die Bauten und Siedlungen des Neuen Frankfurt langfristig zu st\u00e4rken.<\/span><\/span><\/span><\/li>\n<li><span style=\"color: #000000;\"><span style=\"font-family: Arial, sans-serif;\"><span style=\"font-size: medium;\">eine bessere Sichtbarkeit des r\u00f6mischen Erbes. Ein Baustein hierzu k\u00f6nnte die Aufstellung von Repliken der Heddernheimer Funde (Grab- und Gedenksteine, Jupiters\u00e4ulen, Schrifttafeln u. \u00e4.) auf der Gr\u00fcnfl\u00e4che \u201eAm Forum\u201c sein. Ein weiterer Baustein ist die Erhaltung und dauerhafte Ausstellung von Funden bei der Neubauerstellung auf dem Gebiet der r\u00f6mischen Stadt Nida.<\/span><\/span><\/span><\/li>\n<\/ul>\n<\/div>\n","protected":false},"excerpt":{"rendered":"<p>Wahlprogramm 2021 &#8211; 2026 \u00a0Seit Jahrzehnten setzen sich die SPD-Ortsvereine im Frankfurter Nordwesten im Ortsbeirat 8 f\u00fcr das Wohl der Menschen ein, die \u2013 so wie wir auch \u2013 in Heddernheim, Niederursel, Nordweststadt, Mertonviertel und Riedwiese leben. Dabei konnten wir &hellip; <a href=\"https:\/\/pastyrik.bplaced.net\/nwssued\/?page_id=579\">Weiterlesen <span class=\"meta-nav\">&rarr;<\/span><\/a><\/p>\n","protected":false},"author":1,"featured_media":0,"parent":0,"menu_order":0,"comment_status":"closed","ping_status":"open","template":"","meta":{"footnotes":""},"class_list":["post-579","page","type-page","status-publish","hentry"],"_links":{"self":[{"href":"https:\/\/pastyrik.bplaced.net\/nwssued\/index.php?rest_route=\/wp\/v2\/pages\/579","targetHints":{"allow":["GET"]}}],"collection":[{"href":"https:\/\/pastyrik.bplaced.net\/nwssued\/index.php?rest_route=\/wp\/v2\/pages"}],"about":[{"href":"https:\/\/pastyrik.bplaced.net\/nwssued\/index.php?rest_route=\/wp\/v2\/types\/page"}],"author":[{"embeddable":true,"href":"https:\/\/pastyrik.bplaced.net\/nwssued\/index.php?rest_route=\/wp\/v2\/users\/1"}],"replies":[{"embeddable":true,"href":"https:\/\/pastyrik.bplaced.net\/nwssued\/index.php?rest_route=%2Fwp%2Fv2%2Fcomments&post=579"}],"version-history":[{"count":4,"href":"https:\/\/pastyrik.bplaced.net\/nwssued\/index.php?rest_route=\/wp\/v2\/pages\/579\/revisions"}],"predecessor-version":[{"id":583,"href":"https:\/\/pastyrik.bplaced.net\/nwssued\/index.php?rest_route=\/wp\/v2\/pages\/579\/revisions\/583"}],"wp:attachment":[{"href":"https:\/\/pastyrik.bplaced.net\/nwssued\/index.php?rest_route=%2Fwp%2Fv2%2Fmedia&parent=579"}],"curies":[{"name":"wp","href":"https:\/\/api.w.org\/{rel}","templated":true}]}}